{"id":135,"date":"2023-02-21T16:16:38","date_gmt":"2023-02-21T16:16:38","guid":{"rendered":"https:\/\/zora-aurora.com\/?page_id=135"},"modified":"2025-09-29T22:03:43","modified_gmt":"2025-09-29T22:03:43","slug":"mala-sola-caranja-po-izrocilu-zgornje-savinjske-doline","status":"publish","type":"page","link":"https:\/\/zora-aurora.com\/?page_id=135","title":{"rendered":"Mala \u0161ola \u010daranja po izro\u010dilu Zgornje-Savinjske doline"},"content":{"rendered":"\n<p>Zgornjesavinjska dolina, \u0161e posebej pa njeni gorati obrobni predeli in obmo\u010dje Sol\u010dave, je bil v preteklosti precej odmaknjen in nekako izoliran od centralnih poti zavojevalcev in migracij. Tukaj so ljudje vedno mislili po svoje in bili v vseh ozirih druga\u010dni in izvirni, saj so bili primorani sami re\u0161evati vse probleme, \u0161e posebej s svojim zdravjem in zdravjem \u017eivali. V ta namen so poznali ogromno zdravilnih lastnosti zeli in dreves ter razvili posebne na\u010dine ljudske psihoterapije, ki spominja na \u010daranje. Tovrstno zdravljenje se je ohranilo do dana\u0161njih dni, kjub preganjanu KC in ignoranci uradnega zdravstva. \u0160e danes se najdejo takoimenovane zdravilke ali zdravilci \u00bbbabe\u00ab in \u00bbzagovarjevalci\u00ab, ki so ljudem v njihovih zdravstvenih tegobah zadnja re\u0161itev. Vendar uspe\u0161na!<\/p>\n\n\n\n<p>Z namenom ohranjanja in obuditve zavedanja o samopomo\u010di, ki je bila v\u010dasih tako naravna, sem pri\u010dela z delavnicami s pravlji\u010dnim naslovom \u00bbMALA \u0160OLA \u010cARANJA PO IZRO\u010cILU ZGORNJESAVINJSKE DOLINE\u00ab. Z njimi \u017eelim demonstrirati slovensko staroselsko medicinsko in psihi\u010dno podporo in na ta na\u010din postaviti Zgornjesavinjsko ob bok danes tako opevanih \u0161amanskih ritualov iz vsega sveta. Slovenci zavejmo se svojih korenin, ki so mo\u010dne in mogo\u010dne. Uvodne delavnice so vezane na izvorni kraj Zgornje-savinjske doline, nadaljevalne delavnice pa lahko tudi gostujejo \u0161irom Slovenije.<\/p>\n\n\n\n<figure class=\"wp-block-image size-large\"><img loading=\"lazy\" decoding=\"async\" width=\"1024\" height=\"768\" src=\"https:\/\/zora-aurora.com\/wp-content\/uploads\/2023\/03\/20230224_074415-1024x768.jpg\" alt=\"\" class=\"wp-image-167\" srcset=\"https:\/\/zora-aurora.com\/wp-content\/uploads\/2023\/03\/20230224_074415-1024x768.jpg 1024w, https:\/\/zora-aurora.com\/wp-content\/uploads\/2023\/03\/20230224_074415-300x225.jpg 300w, https:\/\/zora-aurora.com\/wp-content\/uploads\/2023\/03\/20230224_074415-768x576.jpg 768w, https:\/\/zora-aurora.com\/wp-content\/uploads\/2023\/03\/20230224_074415-1536x1152.jpg 1536w, https:\/\/zora-aurora.com\/wp-content\/uploads\/2023\/03\/20230224_074415-2048x1536.jpg 2048w\" sizes=\"auto, (max-width: 1024px) 100vw, 1024px\" \/><\/figure>\n\n\n\n<ul class=\"wp-block-list\">\n<li><a href=\"#UVODNA\" data-type=\"internal\" data-id=\"#UVODNA\">UVODNA &nbsp;MALA &nbsp;\u0160OLA &nbsp;\u010cARANJA &nbsp;PO &nbsp;IZRO\u010cILU &nbsp;ZGORNJE-SAVINJSKE DOLINE<\/a><\/li>\n\n\n\n<li><a href=\"#UPORABNA\" data-type=\"internal\" data-id=\"#UPORABNA\">NADALJEVALNA &nbsp;MALA &nbsp;\u0160OLA &nbsp;\u010cARANJA &nbsp;&#8211; UPORABNA<\/a><\/li>\n\n\n\n<li><a href=\"#POGLOBLJENA\" data-type=\"internal\" data-id=\"#POGLOBLJENA\">NADALJEVALNA &nbsp;MALA &nbsp;\u0160OLA &nbsp;\u010cARANJA &nbsp;&#8211; POGLOBLJENA<\/a><\/li>\n\n\n\n<li><a href=\"#TABOR\" data-type=\"internal\" data-id=\"#TABOR\">\u010cAROVNI\u0160KA EKSKURZIJA<\/a><\/li>\n\n\n\n<li><a href=\"#koment\" data-type=\"internal\" data-id=\"#koment\">Komentarji<\/a><\/li>\n<\/ul>\n\n\n\n<div class=\"wp-block-group alignfull has-secondary-background-color has-background is-layout-flow wp-block-group-is-layout-flow\" style=\"padding-top:var(--wp--preset--spacing--20);padding-right:0px;padding-bottom:var(--wp--preset--spacing--20);padding-left:0px\">\n<figure class=\"wp-block-image size-full\"><img decoding=\"async\" src=\"https:\/\/zora-aurora.com\/wp-content\/themes\/twentytwentytwo\/assets\/images\/divider-black.png\" alt=\"\" class=\"wp-image-473\"\/><\/figure>\n<\/div>\n\n\n\n<h5 class=\"wp-block-heading\" id=\"UVODNA\">UVODNA &nbsp;MALA &nbsp;\u0160OLA &nbsp;\u010cARANJA &nbsp;PO &nbsp;IZRO\u010cILU &nbsp;ZGORNJE-SAVINJSKE DOLINE<\/h5>\n\n\n\n<p><strong>Datum:<\/strong> 5.10.2025<\/p>\n\n\n\n<p><strong>Lokacija:<\/strong> Dobrovlje pri Mozirju<\/p>\n\n\n\n<p><strong>Mentor:<\/strong> Ognjana<\/p>\n\n\n\n<p>Vabimo vas na delavnico, na kateri se boste seznanili z ljudskim izro\u010dilom zdravljenja iz Zgornje \u2013 savinjske doline, kjer ljudje \u0161e danes uporabljajo nepredstavljive prvinske metode.<\/p>\n\n\n\n<figure class=\"wp-block-image size-large\"><img loading=\"lazy\" decoding=\"async\" width=\"1024\" height=\"799\" src=\"https:\/\/zora-aurora.com\/wp-content\/uploads\/2023\/03\/girl-gc66b1c8ea_1920-1024x799.jpg\" alt=\"\" class=\"wp-image-296\" srcset=\"https:\/\/zora-aurora.com\/wp-content\/uploads\/2023\/03\/girl-gc66b1c8ea_1920-1024x799.jpg 1024w, https:\/\/zora-aurora.com\/wp-content\/uploads\/2023\/03\/girl-gc66b1c8ea_1920-300x234.jpg 300w, https:\/\/zora-aurora.com\/wp-content\/uploads\/2023\/03\/girl-gc66b1c8ea_1920-768x599.jpg 768w, https:\/\/zora-aurora.com\/wp-content\/uploads\/2023\/03\/girl-gc66b1c8ea_1920-1536x1198.jpg 1536w, https:\/\/zora-aurora.com\/wp-content\/uploads\/2023\/03\/girl-gc66b1c8ea_1920.jpg 1920w\" sizes=\"auto, (max-width: 1024px) 100vw, 1024px\" \/><\/figure>\n\n\n\n<p><strong>OPIS DOGODKA<\/strong><\/p>\n\n\n\n<p>Namen delavnice je, da si izdelate sami svojo \u00bb\u017eaubo\u00ab (pripomo\u010dek) za zdravljenje sebe ali drugih.<\/p>\n\n\n\n<p>V prvem delu delavnice boste izvedeli nekaj o posebnostih in zaprtosti Zgornjesavinjske doline, predvsem njenih hribovitih predelov. To je namre\u010d omogo\u010dilo ohranitev neverjetnih metod zdravljenja do dana\u0161njih dni. Polovica ali celo celota zdravilnih postopkov je bila sestavljena iz resnosti namena zdravljenja, ne samo za pacienta, temve\u010d cele njegove dru\u017eine. Torej najpomembnej\u0161i je bil namen zdravljenja. Sledil je postopek, ki je bil bolj kot u\u017eivanje zdravilne rastline podoben \u010daranju. Na delavnici se boste seznanili z metodo, razlo\u017eeno pa bo tudi, na kak\u0161en na\u010din je lahko to delovalo.<\/p>\n\n\n\n<p>V drugem delu delavnice bo sledila priprava lastnega zdravila (\u017eaube). Ve\u010d pa naj bo skrivnost.<\/p>\n\n\n\n<p>Omejeno \u0161tevilo mest: 9.<\/p>\n\n\n\n<p><strong>Potrebna oprema:<\/strong> naravna podloga za delo na mizi, podporni energetski predmeti, suha zdravilna rastlina (ali ve\u010d), \u00bb\u010darna\u00ab bele\u017enica, skledica (10-20 cm)<\/p>\n\n\n\n<p><strong>Energetska izmenjava:<\/strong> 55 \u20ac (vklju\u010deno: predavanje, delavnica z materialom ter hrana)<\/p>\n\n\n\n<p><strong>Prijava:<\/strong> izklju\u010dno preko e-maila <a href=\"mailto:marta.veder@gmail.com\">marta.veder@gmail.com<\/a><\/p>\n\n\n\n<p><strong>Informacije:<\/strong> Ognjana (040 132 727)<\/p>\n\n\n\n<p>Prijazno vabljeni!<\/p>\n\n\n\n<figure class=\"wp-block-image size-full\"><img decoding=\"async\" src=\"https:\/\/zora-aurora.com\/wp-content\/themes\/twentytwentytwo\/assets\/images\/divider-black.png\" alt=\"\" class=\"wp-image-473\"\/><\/figure>\n\n\n\n<p id=\"UPORABNA\"><strong>NADALJEVALNA &nbsp;MALA &nbsp;\u0160OLA &nbsp;\u010cARANJA &nbsp;&#8211; UPORABNA<\/strong><\/p>\n\n\n\n<figure class=\"wp-block-image size-large\"><img loading=\"lazy\" decoding=\"async\" width=\"685\" height=\"1024\" src=\"https:\/\/zora-aurora.com\/wp-content\/uploads\/2023\/03\/bouquet-gcc7f8683e_1920-685x1024.jpg\" alt=\"\" class=\"wp-image-300\" srcset=\"https:\/\/zora-aurora.com\/wp-content\/uploads\/2023\/03\/bouquet-gcc7f8683e_1920-685x1024.jpg 685w, https:\/\/zora-aurora.com\/wp-content\/uploads\/2023\/03\/bouquet-gcc7f8683e_1920-201x300.jpg 201w, https:\/\/zora-aurora.com\/wp-content\/uploads\/2023\/03\/bouquet-gcc7f8683e_1920-768x1148.jpg 768w, https:\/\/zora-aurora.com\/wp-content\/uploads\/2023\/03\/bouquet-gcc7f8683e_1920-1028x1536.jpg 1028w, https:\/\/zora-aurora.com\/wp-content\/uploads\/2023\/03\/bouquet-gcc7f8683e_1920.jpg 1285w\" sizes=\"auto, (max-width: 685px) 100vw, 685px\" \/><\/figure>\n\n\n\n<p><strong>Datum:<\/strong> <\/p>\n\n\n\n<p><strong>Lokacija:<\/strong> po dogovoru<\/p>\n\n\n\n<p><strong>Mentor:<\/strong> Ognjana<\/p>\n\n\n\n<p>Pogoj za to delavnico je, da ste bili na uvodni delavnici ali da dobro poznate tematiko. Na tej delavnici boste obnovili prakti\u010dno znanje iz uvodne delavnice ter ga oplemenitili s konkretnimi napotki za vsakodnevno uporabo in &nbsp;z razli\u010dnimi materialnimi pripomo\u010dki (\u010daj, mazilo, talisman, pali\u010dica&#8230;). <\/p>\n\n\n\n<p>Omejeno \u0161tevilo mest: 9.<\/p>\n\n\n\n<p><strong>Energetska izmenjava:<\/strong> 55\u20ac (vklju\u010deno: predavanje, delavnica z materialom ter hrana)<\/p>\n\n\n\n<p><strong>Prijava:<\/strong> izklju\u010dno preko e-maila <a href=\"mailto:marta.veder@gmail.com\">marta.veder@gmail.com<\/a><\/p>\n\n\n\n<p><strong>Informacije:<\/strong> Ognjana (040 132 727)<\/p>\n\n\n\n<p>Prijazno vabljeni!<\/p>\n\n\n\n<figure class=\"wp-block-image size-full\"><img decoding=\"async\" src=\"https:\/\/zora-aurora.com\/wp-content\/themes\/twentytwentytwo\/assets\/images\/divider-black.png\" alt=\"\" class=\"wp-image-473\"\/><\/figure>\n\n\n\n<h5 class=\"wp-block-heading\" id=\"POGLOBLJENA\">NADALJEVALNA &nbsp;MALA &nbsp;\u0160OLA &nbsp;\u010cARANJA &nbsp;&#8211; POGLOBLJENA<\/h5>\n\n\n\n<figure class=\"wp-block-image size-large\"><img loading=\"lazy\" decoding=\"async\" width=\"1024\" height=\"761\" src=\"https:\/\/zora-aurora.com\/wp-content\/uploads\/2023\/03\/candle-gd0547b8d1_1920-1024x761.jpg\" alt=\"\" class=\"wp-image-302\" srcset=\"https:\/\/zora-aurora.com\/wp-content\/uploads\/2023\/03\/candle-gd0547b8d1_1920-1024x761.jpg 1024w, https:\/\/zora-aurora.com\/wp-content\/uploads\/2023\/03\/candle-gd0547b8d1_1920-300x223.jpg 300w, https:\/\/zora-aurora.com\/wp-content\/uploads\/2023\/03\/candle-gd0547b8d1_1920-768x571.jpg 768w, https:\/\/zora-aurora.com\/wp-content\/uploads\/2023\/03\/candle-gd0547b8d1_1920-1536x1142.jpg 1536w, https:\/\/zora-aurora.com\/wp-content\/uploads\/2023\/03\/candle-gd0547b8d1_1920.jpg 1920w\" sizes=\"auto, (max-width: 1024px) 100vw, 1024px\" \/><\/figure>\n\n\n\n<p><strong>Datum:<\/strong> ENKRAT NA DVA MESECA <\/p>\n\n\n\n<p><strong>Lokacija:<\/strong> se prilagaja<\/p>\n\n\n\n<p><strong>Mentor:<\/strong> Ognjana<\/p>\n\n\n\n<p>Pogoj za to delavnico je, da ste bili na uvodni delavnici ali da prakticirate to tematiko. Ta delavnica je namenjena tistim, ki jih ta skrivnostna tema privla\u010di in si \u017eelijo poglablanje vedenja in razumevanja nevidnih na\u010dinov samozdravljenja. Bistvo te delavnice je skupinska izmenjava izku\u0161enj, znanja in skupna rast vseh udele\u017eencev. Tudi v tej skupini se bo prakti\u010dno eksperimentiralo, vendar duhovno poglobljeno. Za te delavnice je potrebna predhodna mentalna priprava in razstrupljanje telesa z vzdr\u017eno prehrano brez sladkorja ali po\u017eivil.<\/p>\n\n\n\n<p>\u0160tevilo udele\u017eencev je omejeno.<\/p>\n\n\n\n<p><strong>Energetska izmenjava:<\/strong> 55\u20ac (vklju\u010deno: predavanje, delavnica z materialom ter hrana)<\/p>\n\n\n\n<p><strong>Prijava:<\/strong> izklju\u010dno preko e-maila <a href=\"mailto:marta.veder@gmail.com\">marta.veder@gmail.com<\/a><\/p>\n\n\n\n<p><strong>Informacije:<\/strong> Ognjana (040 132 727)<\/p>\n\n\n\n<p>Prijazno vabljeni!<\/p>\n\n\n\n<figure class=\"wp-block-image size-full\"><img decoding=\"async\" src=\"https:\/\/zora-aurora.com\/wp-content\/themes\/twentytwentytwo\/assets\/images\/divider-black.png\" alt=\"\" class=\"wp-image-473\"\/><\/figure>\n\n\n\n<h5 class=\"wp-block-heading\" id=\"TABOR\">\u010carovni\u0161ka ekskurzija<\/h5>\n\n\n\n<p><strong>Datum:<\/strong> ENKRAT LETNO 2 dni<\/p>\n\n\n\n<p><strong>Lokacija:<\/strong> Dobrovlje pri Moziirju<\/p>\n\n\n\n<p><strong>Mentor:<\/strong> Ognjana<\/p>\n\n\n\n<p>Namenjena je udele\u017eencem \u0161ole.<\/p>\n\n\n\n<p>Lahko boste spali v gozdu ali pa bolj udobno kar na senu.<\/p>\n\n\n\n<p>Energetska izmenjava: \u20ac<\/p>\n\n\n\n<p><strong>Prijava:<\/strong> izklju\u010dno preko e-maila: <a href=\"mailto:marta.veder@gmail.com\">marta.veder@gmail.com<\/a><\/p>\n\n\n\n<p><strong>Informacije:<\/strong> Ognjana (040 132 727)<\/p>\n\n\n\n<p>Prijazno vabljeni v mir in divjino!<\/p>\n\n\n\n<h4 class=\"wp-block-heading\" id=\"koment\">Komentarji<\/h4>\n","protected":false},"excerpt":{"rendered":"<p>Zgornjesavinjska dolina, \u0161e posebej pa njeni gorati obrobni predeli in obmo\u010dje Sol\u010dave, je bil v preteklosti precej odmaknjen in nekako izoliran od centralnih poti zavojevalcev in migracij. Tukaj so ljudje vedno mislili po svoje in bili v vseh ozirih druga\u010dni in izvirni, saj so bili primorani sami re\u0161evati vse probleme, \u0161e posebej s svojim zdravjem [&hellip;]<\/p>\n","protected":false},"author":1,"featured_media":779,"parent":0,"menu_order":0,"comment_status":"open","ping_status":"closed","template":"","meta":{"om_disable_all_campaigns":false,"wprm-recipe-roundup-name":"","wprm-recipe-roundup-description":"","_monsterinsights_skip_tracking":false,"_monsterinsights_sitenote_active":false,"_monsterinsights_sitenote_note":"","_monsterinsights_sitenote_category":0,"footnotes":""},"class_list":["post-135","page","type-page","status-publish","has-post-thumbnail","hentry"],"_links":{"self":[{"href":"https:\/\/zora-aurora.com\/index.php?rest_route=\/wp\/v2\/pages\/135","targetHints":{"allow":["GET"]}}],"collection":[{"href":"https:\/\/zora-aurora.com\/index.php?rest_route=\/wp\/v2\/pages"}],"about":[{"href":"https:\/\/zora-aurora.com\/index.php?rest_route=\/wp\/v2\/types\/page"}],"author":[{"embeddable":true,"href":"https:\/\/zora-aurora.com\/index.php?rest_route=\/wp\/v2\/users\/1"}],"replies":[{"embeddable":true,"href":"https:\/\/zora-aurora.com\/index.php?rest_route=%2Fwp%2Fv2%2Fcomments&post=135"}],"version-history":[{"count":12,"href":"https:\/\/zora-aurora.com\/index.php?rest_route=\/wp\/v2\/pages\/135\/revisions"}],"predecessor-version":[{"id":1571,"href":"https:\/\/zora-aurora.com\/index.php?rest_route=\/wp\/v2\/pages\/135\/revisions\/1571"}],"wp:featuredmedia":[{"embeddable":true,"href":"https:\/\/zora-aurora.com\/index.php?rest_route=\/wp\/v2\/media\/779"}],"wp:attachment":[{"href":"https:\/\/zora-aurora.com\/index.php?rest_route=%2Fwp%2Fv2%2Fmedia&parent=135"}],"curies":[{"name":"wp","href":"https:\/\/api.w.org\/{rel}","templated":true}]}}